{"id":176,"date":"2025-11-29T15:23:59","date_gmt":"2025-11-29T15:23:59","guid":{"rendered":"https:\/\/epitoiparosok.com\/epip\/?page_id=176"},"modified":"2025-12-02T13:10:08","modified_gmt":"2025-12-02T13:10:08","slug":"altalanos-szerzodesi-feltetelek","status":"publish","type":"page","link":"https:\/\/epitoiparosok.com\/epip\/altalanos-szerzodesi-feltetelek\/","title":{"rendered":"\u00c1ltal\u00e1nos szerz\u0151d\u00e9si felt\u00e9telek"},"content":{"rendered":"\n<p>Szolg\u00e1tat\u00f3 adatai:<\/p>\n\n\n\n<figure class=\"wp-block-table\"><table class=\"has-fixed-layout\"><tbody><tr><td><strong>C\u00e9gn\u00e9v<\/strong><\/td><td>L\u00e1szl\u00f3 Irma E.V.<\/td><\/tr><tr><td><strong>K\u00e9pvisel\u0151\/kapcsolattart\u00f3<\/strong><\/td><td>Sz\u00e1jli Lajos<\/td><\/tr><tr><td><strong>Telefonsz\u00e1m<\/strong><\/td><td>+36 30 7766 575<\/td><\/tr><tr><td><strong>E-mail<\/strong><\/td><td>info@epitoiparosok.com<\/td><\/tr><tr><td><strong>Sz\u00e9khely<\/strong><\/td><td>1055 Bp., Balaton u. 25.<\/td><\/tr><tr><td><strong>Ad\u00f3sz\u00e1m<\/strong><\/td><td>58195480-1-41<\/td><\/tr><tr><td><strong>Banksz\u00e1mlasz\u00e1m<\/strong><\/td><td>K&amp;H 10401213-50527072-83661006<\/td><\/tr><\/tbody><\/table><\/figure>\n\n\n\n<ul class=\"wp-block-list\">\n<li><\/li>\n<\/ul>\n\n\n\n<ol class=\"wp-block-list\">\n<li>A hirdet\u00e9si adatlap kit\u00f6lt\u00e9s\u00e9vel a Megrendel\u0151 megb\u00edzza Szolg\u00e1ltat\u00f3t, hogy Megrendel\u0151 \u00e1ltal megadott adatok megjelenjenek hirdet\u00e9s form\u00e1j\u00e1ban a Szolg\u00e1ltat\u00f3 <a href=\"http:\/\/epitoiparosok.com\" target=\"_blank\" rel=\"noreferrer noopener\">saj\u00e1t weboldal\u00e1n<\/a> \u00e9s <a href=\"https:\/\/www.facebook.com\/epitoiparosok\" target=\"_blank\" rel=\"noreferrer noopener\">Facebook oldal\u00e1n<\/a>.<\/li>\n\n\n\n<li><strong>Megrendel\u0151 jogai \u00e9s k\u00f6telezetts\u00e9gei<\/strong>\n<ol class=\"wp-block-list\">\n<li>Megrendel\u0151 tudom\u00e1sul veszi, hogy a hirdet\u00e9sek sorrendj\u00e9vel kapcsolatosan nincs v\u00e1laszt\u00e1si joga.<\/li>\n\n\n\n<li>Megrendel\u0151 hozz\u00e1j\u00e1rul\u00e1s\u00e1t adja a megadott adatai t\u00e1rol\u00e1s\u00e1hoz, \u00e9s a megjel\u00f6lt weboldalakon val\u00f3 megjelentet\u00e9shez.<\/li>\n\n\n\n<li>Megrendel\u0151 k\u00f6telezetts\u00e9get v\u00e1llal arra, hogy az \u00e1ltala kit\u00f6lt\u00f6tt hirdet\u00e9si adatlap szerint fizetend\u0151 d\u00edjakat esed\u00e9kess\u00e9g\u00fckkor megfizeti.<\/li>\n\n\n\n<li>A hirdet\u00e9s sz\u00f6vege nem tartalmazhat j\u00f3 erk\u00f6lcsbe, t\u00f6rv\u00e9nybe, vagy hat\u00e1lyos jogszab\u00e1lyba \u00fctk\u00f6z\u0151 (pl.: pornogr\u00e1f, usz\u00edt\u00f3) feliratot \u00e9s nem s\u00e9rtheti harmadik szem\u00e9ly (pl. szerz\u0151i vagy egy\u00e9b) jog\u00e1t.<\/li>\n\n\n\n<li>Megrendel\u0151 jogosult annak ellen\u0151rz\u00e9s\u00e9re, hogy a Hirdet\u00e9s mik\u00e9nt ker\u00fclt a weboldalon bemutat\u00e1sra. Kifog\u00e1sait a Hirdet\u00e9s megjelentet\u00e9s\u00e9t\u0151l sz\u00e1m\u00edtott 3 munkanapon bel\u00fcl k\u00f6teles e-mailben jelezni Szolg\u00e1ltat\u00f3 fel\u00e9. Ennek elmulaszt\u00e1s\u00e1b\u00f3l, vagy k\u00e9sedelmes teljes\u00edt\u00e9s\u00e9b\u0151l ered\u0151 k\u00e1rok\u00e9rt Szolg\u00e1ltat\u00f3t felel\u0151ss\u00e9g nem terheli.<\/li>\n\n\n\n<li>Megrendel\u0151 kiz\u00e1r\u00f3lag a saj\u00e1t, vagy a szerz\u0151d\u0151 c\u00e9g \u00e1ltal v\u00e9gzett szolg\u00e1ltat\u00e1sokat hirdetheti, m\u00e1s szem\u00e9ly \u00e1ltal v\u00e9gzend\u0151 szolg\u00e1ltat\u00e1st nem hirdethet.<\/li>\n\n\n\n<li>Megrendel\u0151nek k\u00f6teless\u00e9ge rendelkezni mindazon enged\u00e9lyekkel, amelyek sz\u00fcks\u00e9gesek sz\u00e1m\u00e1ra a hirdetett szolg\u00e1ltat\u00e1s elv\u00e9gz\u00e9s\u00e9hez. Ezen enged\u00e9lyek hi\u00e1ny\u00e1\u00e9rt egyed\u00fcl a Megrendel\u0151 felel\u0151s.<\/li>\n<\/ol>\n<\/li>\n\n\n\n<li><strong>Szolg\u00e1ltat\u00f3 jogai \u00e9s k\u00f6telezetts\u00e9gei<\/strong>\n<ol class=\"wp-block-list\">\n<li>Szolg\u00e1ltat\u00f3 a hirdet\u00e9si adatlap kit\u00f6lt\u00e9s\u00e9t \u00e9s a hirdet\u00e9si d\u00edj \u00e1tv\u00e9tel\u00e9t k\u00f6vet\u0151en max. 5 munkanapon bel\u00fcl helyezi el a hirdet\u00e9st a weboldalon.<\/li>\n<\/ol>\n<\/li>\n<\/ol>\n\n\n\n<ol start=\"4\" class=\"wp-block-list\">\n<li><strong>A szerz\u0151d\u00e9s hat\u00e1lya<\/strong>\n<ol class=\"wp-block-list\">\n<li>A jelen szerz\u0151d\u00e9st a felek a 1 \u00e9v id\u0151tartamra k\u00f6tik. Szerz\u0151d\u0151 felek a szerz\u0151d\u00e9s meghosszabb\u00edt\u00e1s\u00e1r\u00f3l annak lej\u00e1rta el\u0151tt \u00edr\u00e1sban meg\u00e1llapodhatnak.<\/li>\n<\/ol>\n<\/li>\n\n\n\n<li><strong>D\u00edjak \u00e9s fizet\u00e9si felt\u00e9telek<\/strong>\n<ol class=\"wp-block-list\">\n<li>A hirdet\u00e9s ut\u00e1n fizetend\u0151 d\u00edj m\u00e9rt\u00e9k\u00e9t a Megrendel\u0151 \u00e1ltal kit\u00f6lt\u00f6tt hirdet\u00e9si adatlap tartalmazza.<\/li>\n\n\n\n<li>A d\u00edjak el\u0151re esed\u00e9kesek. A d\u00edjat a Szolg\u00e1ltat\u00f3 sz\u00e1ml\u00e1zza le Megrendel\u0151 fel\u00e9, aki annak megfizet\u00e9s\u00e9re k\u00f6teles, banki \u00e1tutal\u00e1ssal, vagy k\u00e9szp\u00e9nzben a sz\u00e1mla ki\u00e1ll\u00edt\u00e1s\u00e1nak napj\u00e1t\u00f3l sz\u00e1m\u00edtott \u00f6t munkanapon bel\u00fcl.<\/li>\n\n\n\n<li>A sz\u00e1ml\u00e1n megjel\u00f6lt esed\u00e9kess\u00e9g lej\u00e1rt\u00e1val be nem folyt \u00f6sszegekre a Szolg\u00e1ltat\u00f3 \u00e9vi 20% k\u00e9sedelmi kamatot sz\u00e1mol fel, napi kamatsz\u00e1m\u00edt\u00e1s mellett.<\/li>\n<\/ol>\n<\/li>\n\n\n\n<li><strong>Felel\u0151ss\u00e9gi szab\u00e1lyok<\/strong>\n<ol class=\"wp-block-list\">\n<li>A Szolg\u00e1ltat\u00f3 szavatol az\u00e9rt, hogy az \u00e1ltala ny\u00fajtott szolg\u00e1ltat\u00e1s mindenben alkalmas a szerz\u0151d\u00e9sszer\u0171 teljes\u00edt\u00e9sre, ennek megfelel\u0151en a jelen Szerz\u0151d\u00e9s \u00e9rv\u00e9nyess\u00e9gi ideje alatt a Hirdet\u00e9s el\u00e9rhet\u0151 legyen.<\/li>\n\n\n\n<li>Abban az esetben, ha a szolg\u00e1ltat\u00e1s hozz\u00e1f\u00e9rhetetlens\u00e9ge a Szolg\u00e1ltat\u00f3nak felr\u00f3hat\u00f3 okb\u00f3l k\u00f6vetkezik be, arra az id\u0151tartamra, amely id\u0151tartam alatt a Hirdet\u00e9s nem \u00e9rhet\u0151 el, arra az id\u0151re Szolg\u00e1ltat\u00f3 nem jogosult szolg\u00e1ltat\u00e1si d\u00edjra. Ilyen esetben a kiesett szolg\u00e1ltat\u00e1si id\u0151vel k\u00f6teles meghosszabb\u00edtani a lej\u00e1rat d\u00e1tum\u00e1t.\n<ol class=\"wp-block-list\">\n<li>Ez al\u00f3l kiv\u00e9telt k\u00e9peznek az \u00fctemezett karbantart\u00e1si m\u0171veletek, melyet Szolg\u00e1ltat\u00f3 a karbantart\u00e1s idej\u00e9n jelez a honlapon.<\/li>\n<\/ol>\n<\/li>\n\n\n\n<li>Szolg\u00e1ltat\u00f3 semmilyen felel\u0151ss\u00e9get nem v\u00e1llal a hirdet\u00e9sre jelentkez\u0151k sz\u00e1m\u00e1ra vonatkoz\u00f3an, illetve a hirdet\u00e9sre jelentkez\u0151k \u00e1ltal ig\u00e9nyelt munk\u00e1ra vonatkoz\u00f3an.<br>Szolg\u00e1ltat\u00f3 kijelenti, hogy a Megrendel\u0151 \u00e9s a hirdet\u00e9sre jelentkez\u0151 szem\u00e9ly \u00e1ltal l\u00e9trej\u00f6tt szerz\u0151d\u00e9shez, meg\u00e1llapod\u00e1s\u00e1hoz semmi k\u00f6ze Szolg\u00e1ltat\u00f3nak, ez\u00e9rt az eml\u00edtett meg\u00e1llapod\u00e1s r\u00e9szletei sem tartoznak r\u00e1, sem a munkav\u00e9gz\u00e9s min\u0151s\u00e9ge, sem a hirdet\u00e9sre jelentkez\u0151 szem\u00e9ly fizet\u00e9si hajland\u00f3s\u00e1g\u00e1ra Szolg\u00e1ltat\u00f3 nem v\u00e1llal felel\u0151ss\u00e9get.<\/li>\n\n\n\n<li>A szerz\u0151d\u00e9s optimaliz\u00e1ci\u00f3t nem tartalmaz, a hirdet\u00e9s hat\u00e9konys\u00e1g\u00e1nak m\u00e9r\u00e9s\u00e9nek feladata a Megrendel\u0151 felel\u0151ss\u00e9ge. A Szolg\u00e1ltat\u00f3nak nem tartozik a feladatk\u00f6r\u00e9be a hirdet\u00e9sfigyel\u00e9s.<\/li>\n\n\n\n<li>Szolg\u00e1ltat\u00f3 kiz\u00e1rja felel\u0151ss\u00e9g\u00e9t Hirdet\u00e9s f\u00e9lrevezet\u0151, val\u00f3s\u00e1gnak nem megfelel\u0151, jogszab\u00e1lyt s\u00e9rt\u0151 tartalma \u00e1ltal okozott minden k\u00e1r, ig\u00e9ny, elj\u00e1r\u00e1s, b\u00fcntet\u00e9s, b\u00edrs\u00e1g \u00e9s egy\u00e9b h\u00e1tr\u00e1nyos jogk\u00f6vetkezm\u00e9ny al\u00f3l. Megrendel\u0151 v\u00e1llalja, hogy mentes\u00edti \u00e9s k\u00e1rtalan\u00edtja Szolg\u00e1ltat\u00f3t a fentiek b\u00e1rmilyen el\u0151fordul\u00e1sa eset\u00e9n.<\/li>\n\n\n\n<li>Szolg\u00e1ltat\u00f3 semmilyen felel\u0151ss\u00e9get nem v\u00e1llal a Megrendel\u0151 \u00e1ltal ny\u00fajtott szolg\u00e1ltat\u00e1s sz\u00ednvonal\u00e1val kapcsolatban. Megrendel\u0151 v\u00e1llalja, hogy a hirdet\u00e9s \u00e1ltal \u00e9rkez\u0151 \u00fcgyfelek r\u00e9sz\u00e9re sz\u00ednvonalas szolg\u00e1ltat\u00e1st ny\u00fajt.<\/li>\n<\/ol>\n<\/li>\n<\/ol>\n\n\n\n<ol start=\"7\" class=\"wp-block-list\">\n<li><strong>Vis Maior<\/strong>\n<ol class=\"wp-block-list\">\n<li>Amennyiben a szerz\u0151d\u0151 felek b\u00e1rmelyike vis maior k\u00f6vetkezt\u00e9ben nem tudja a Szerz\u0151d\u00e9sben v\u00e1llalt k\u00f6telezetts\u00e9geit teljes\u00edteni, abban az esetben nincs helye jelen Szerz\u0151d\u00e9s azonnali hat\u00e1ly\u00fa felmond\u00e1s\u00e1nak. A vis maiorra okot ad\u00f3 k\u00f6r\u00fclm\u00e9ny be\u00e1llt\u00e1r\u00f3l a b\u00e1rmelyik f\u00e9l halad\u00e9ktalanul k\u00f6teles e-mailben \u00e9rtes\u00edteni a m\u00e1sik szerz\u0151d\u0151 felet. Vis maior eset\u00e9n a Szolg\u00e1ltat\u00f3 a kiesett szolg\u00e1ltat\u00e1si id\u0151vel k\u00f6teles meghosszabb\u00edtani a lej\u00e1rat d\u00e1tum\u00e1t.<\/li>\n\n\n\n<li>Felek Vis maiornak fogadnak el minden olyan elh\u00e1r\u00edthatatlan, a Szolg\u00e1ltat\u00f3 \u00e9rdekk\u00f6r\u00e9n k\u00edv\u00fcl \u00e1ll\u00f3 esem\u00e9nyt, melyet a Szolg\u00e1ltat\u00f3 sem k\u00f6zvetlen\u00fcl, sem k\u00f6zvetve nem k\u00e9pes befoly\u00e1solni, ide \u00e9rtve a hat\u00f3s\u00e1gi aktust is.<\/li>\n<\/ol>\n<\/li>\n\n\n\n<li><strong>A szerz\u0151d\u00e9s megsz\u0171n\u00e9se<\/strong>\n<ol class=\"wp-block-list\">\n<li>Szolg\u00e1ltat\u00f3 jelen Szerz\u0151d\u00e9st azonnali hat\u00e1llyal, k\u00fcl\u00f6n\u00f6sen a k\u00f6vetkez\u0151 esetben mondhatja fel:\n<ol class=\"wp-block-list\">\n<li>ha Megrendel\u0151 d\u00edjfizet\u00e9si, illetve jelen Szerz\u0151d\u00e9sben v\u00e1llalt egy\u00e9b k\u00f6telezetts\u00e9g\u00e9nek hat\u00e1rid\u0151n bel\u00fcl nem tesz eleget \u00e9s ezt a mulaszt\u00e1s\u00e1t a Szolg\u00e1ltat\u00f3 \u00edr\u00e1sbeli felsz\u00f3l\u00edt\u00e1s\u00e1nak k\u00e9zhezv\u00e9tel\u00e9t\u0151l sz\u00e1m\u00edtott 5 munkanapon bel\u00fcl nem orvosolja.<\/li>\n<\/ol>\n<\/li>\n\n\n\n<li>Megrendel\u0151 a jelen szerz\u0151d\u00e9st azonnali hat\u00e1llyal k\u00fcl\u00f6n\u00f6sen a k\u00f6vetkez\u0151 esetben mondhatja fel:\n<ol class=\"wp-block-list\">\n<li>ha Szolg\u00e1ltat\u00f3 a jelen Szerz\u0151d\u00e9s 1. pontj\u00e1ban r\u00f6gz\u00edtett Hirdet\u00e9st 5 (\u00f6t) napon kereszt\u00fcl &#8211; figyelemmel 7. \u00e9s 8. pont rendelkez\u00e9seire &#8211; folyamatosan nem k\u00e9pes az Interneten tartani, \u00e9s enn\u00e9l fogva rendeltet\u00e9sszer\u0171 haszn\u00e1lata Megrendel\u0151, valamint felhaszn\u00e1l\u00f3k r\u00e9sz\u00e9re &#8211; Megrendel\u0151 \u00edr\u00e1sbeli kifog\u00e1sa ellen\u00e9re &#8211; nem biztos\u00edtott.<\/li>\n<\/ol>\n<\/li>\n<\/ol>\n<\/li>\n\n\n\n<li><strong>Ir\u00e1nyad\u00f3 jog<\/strong>\n<ol class=\"wp-block-list\">\n<li>A szerz\u0151d\u0151 felek k\u00f6lcs\u00f6n\u00f6sen meg\u00e1llapodnak abban, hogy jelen Szerz\u0151d\u00e9sb\u0151l ered\u0151 jogvit\u00e1ikat mindenkor megk\u00eds\u00e9rlik b\u00e9k\u00e9s \u00faton rendezni. Ennek sikertelens\u00e9ge eset\u00e9re k\u00f6lcs\u00f6n\u00f6sen al\u00e1vetik magukat a Szolg\u00e1ltat\u00f3 mindenkori sz\u00e9khelye, jelenleg a Pesti K\u00f6zponti Ker\u00fcleti B\u00edr\u00f3s\u00e1g, illetve \u00fcgy\u00e9rt\u00e9kt\u0151l f\u00fcgg\u0151en a F\u0151v\u00e1rosi B\u00edr\u00f3s\u00e1g kiz\u00e1r\u00f3lagos illet\u00e9kess\u00e9g\u00e9nek.<\/li>\n\n\n\n<li>Jelen szerz\u0151d\u00e9sben nem szab\u00e1lyozott k\u00e9rd\u00e9sekben a mindenkor hat\u00e1lyos magyar jogszab\u00e1lyok rendelkez\u00e9sei ir\u00e1nyad\u00f3k, k\u00fcl\u00f6n\u00f6s tekintettel a Polg\u00e1ri T\u00f6rv\u00e9nyk\u00f6nyv rendelkez\u00e9seire. Jelen Szerz\u0151d\u00e9sben szerepl\u0151 kifejez\u00e9seket \u00e9s jogint\u00e9zm\u00e9nyeket &#8211; ha jelen Szerz\u0151d\u00e9s m\u00e1sk\u00e9nt nem rendelkezik &#8211; a magyar nyelv szab\u00e1lyai szerint, a szavak \u00e1ltal\u00e1nosan elfogadott mindennapi jelent\u00e9se szerint, valamint a magyar jogszab\u00e1lyok alapj\u00e1n kell \u00e9rtelmezni.<\/li>\n<\/ol>\n<\/li>\n<\/ol>\n\n\n\n<p><\/p>\n","protected":false},"excerpt":{"rendered":"<p>Szolg\u00e1tat\u00f3 adatai: C\u00e9gn\u00e9v L\u00e1szl\u00f3 Irma E.V. K\u00e9pvisel\u0151\/kapcsolattart\u00f3 Sz\u00e1jli Lajos Telefonsz\u00e1m +36 30 7766 575 E-mail info@epitoiparosok.com Sz\u00e9khely 1055 Bp., Balaton u. 25. Ad\u00f3sz\u00e1m 58195480-1-41 Banksz\u00e1mlasz\u00e1m K&amp;H 10401213-50527072-83661006<\/p>\n","protected":false},"author":1,"featured_media":0,"parent":0,"menu_order":0,"comment_status":"closed","ping_status":"closed","template":"","meta":{"pagelayer_contact_templates":[],"_pagelayer_content":"","_monsterinsights_skip_tracking":false,"_monsterinsights_sitenote_active":false,"_monsterinsights_sitenote_note":"","_monsterinsights_sitenote_category":0,"footnotes":""},"class_list":["post-176","page","type-page","status-publish","hentry"],"yoast_head":"<!-- This site is optimized with the Yoast SEO plugin v26.4 - https:\/\/yoast.com\/wordpress\/plugins\/seo\/ -->\n<title>\u00c1ltal\u00e1nos szerz\u0151d\u00e9si felt\u00e9telek - \u00c9p\u00edt\u0151iparosok<\/title>\n<meta name=\"robots\" content=\"index, follow, max-snippet:-1, max-image-preview:large, max-video-preview:-1\" \/>\n<link rel=\"canonical\" href=\"https:\/\/epitoiparosok.com\/epip\/altalanos-szerzodesi-feltetelek\/\" \/>\n<meta property=\"og:locale\" content=\"en_US\" \/>\n<meta property=\"og:type\" content=\"article\" \/>\n<meta property=\"og:title\" content=\"\u00c1ltal\u00e1nos szerz\u0151d\u00e9si felt\u00e9telek - \u00c9p\u00edt\u0151iparosok\" \/>\n<meta property=\"og:description\" content=\"Szolg\u00e1tat\u00f3 adatai: C\u00e9gn\u00e9v L\u00e1szl\u00f3 Irma E.V. K\u00e9pvisel\u0151\/kapcsolattart\u00f3 Sz\u00e1jli Lajos Telefonsz\u00e1m +36 30 7766 575 E-mail info@epitoiparosok.com Sz\u00e9khely 1055 Bp., Balaton u. 25. Ad\u00f3sz\u00e1m 58195480-1-41 Banksz\u00e1mlasz\u00e1m K&amp;H 10401213-50527072-83661006\" \/>\n<meta property=\"og:url\" content=\"https:\/\/epitoiparosok.com\/epip\/altalanos-szerzodesi-feltetelek\/\" \/>\n<meta property=\"og:site_name\" content=\"\u00c9p\u00edt\u0151iparosok\" \/>\n<meta property=\"article:modified_time\" content=\"2025-12-02T13:10:08+00:00\" \/>\n<meta name=\"twitter:card\" content=\"summary_large_image\" \/>\n<meta name=\"twitter:label1\" content=\"Est. reading time\" \/>\n\t<meta name=\"twitter:data1\" content=\"4 minutes\" \/>\n<script type=\"application\/ld+json\" class=\"yoast-schema-graph\">{\"@context\":\"https:\/\/schema.org\",\"@graph\":[{\"@type\":\"WebPage\",\"@id\":\"https:\/\/epitoiparosok.com\/epip\/altalanos-szerzodesi-feltetelek\/\",\"url\":\"https:\/\/epitoiparosok.com\/epip\/altalanos-szerzodesi-feltetelek\/\",\"name\":\"\u00c1ltal\u00e1nos szerz\u0151d\u00e9si felt\u00e9telek - \u00c9p\u00edt\u0151iparosok\",\"isPartOf\":{\"@id\":\"https:\/\/epitoiparosok.com\/epip\/#website\"},\"datePublished\":\"2025-11-29T15:23:59+00:00\",\"dateModified\":\"2025-12-02T13:10:08+00:00\",\"breadcrumb\":{\"@id\":\"https:\/\/epitoiparosok.com\/epip\/altalanos-szerzodesi-feltetelek\/#breadcrumb\"},\"inLanguage\":\"en-US\",\"potentialAction\":[{\"@type\":\"ReadAction\",\"target\":[\"https:\/\/epitoiparosok.com\/epip\/altalanos-szerzodesi-feltetelek\/\"]}]},{\"@type\":\"BreadcrumbList\",\"@id\":\"https:\/\/epitoiparosok.com\/epip\/altalanos-szerzodesi-feltetelek\/#breadcrumb\",\"itemListElement\":[{\"@type\":\"ListItem\",\"position\":1,\"name\":\"Home\",\"item\":\"https:\/\/epitoiparosok.com\/epip\/\"},{\"@type\":\"ListItem\",\"position\":2,\"name\":\"\u00c1ltal\u00e1nos szerz\u0151d\u00e9si felt\u00e9telek\"}]},{\"@type\":\"WebSite\",\"@id\":\"https:\/\/epitoiparosok.com\/epip\/#website\",\"url\":\"https:\/\/epitoiparosok.com\/epip\/\",\"name\":\"\u00c9p\u00edt\u0151iparosok\",\"description\":\"\",\"potentialAction\":[{\"@type\":\"SearchAction\",\"target\":{\"@type\":\"EntryPoint\",\"urlTemplate\":\"https:\/\/epitoiparosok.com\/epip\/?s={search_term_string}\"},\"query-input\":{\"@type\":\"PropertyValueSpecification\",\"valueRequired\":true,\"valueName\":\"search_term_string\"}}],\"inLanguage\":\"en-US\"}]}<\/script>\n<!-- \/ Yoast SEO plugin. -->","yoast_head_json":{"title":"\u00c1ltal\u00e1nos szerz\u0151d\u00e9si felt\u00e9telek - \u00c9p\u00edt\u0151iparosok","robots":{"index":"index","follow":"follow","max-snippet":"max-snippet:-1","max-image-preview":"max-image-preview:large","max-video-preview":"max-video-preview:-1"},"canonical":"https:\/\/epitoiparosok.com\/epip\/altalanos-szerzodesi-feltetelek\/","og_locale":"en_US","og_type":"article","og_title":"\u00c1ltal\u00e1nos szerz\u0151d\u00e9si felt\u00e9telek - \u00c9p\u00edt\u0151iparosok","og_description":"Szolg\u00e1tat\u00f3 adatai: C\u00e9gn\u00e9v L\u00e1szl\u00f3 Irma E.V. K\u00e9pvisel\u0151\/kapcsolattart\u00f3 Sz\u00e1jli Lajos Telefonsz\u00e1m +36 30 7766 575 E-mail info@epitoiparosok.com Sz\u00e9khely 1055 Bp., Balaton u. 25. Ad\u00f3sz\u00e1m 58195480-1-41 Banksz\u00e1mlasz\u00e1m K&amp;H 10401213-50527072-83661006","og_url":"https:\/\/epitoiparosok.com\/epip\/altalanos-szerzodesi-feltetelek\/","og_site_name":"\u00c9p\u00edt\u0151iparosok","article_modified_time":"2025-12-02T13:10:08+00:00","twitter_card":"summary_large_image","twitter_misc":{"Est. reading time":"4 minutes"},"schema":{"@context":"https:\/\/schema.org","@graph":[{"@type":"WebPage","@id":"https:\/\/epitoiparosok.com\/epip\/altalanos-szerzodesi-feltetelek\/","url":"https:\/\/epitoiparosok.com\/epip\/altalanos-szerzodesi-feltetelek\/","name":"\u00c1ltal\u00e1nos szerz\u0151d\u00e9si felt\u00e9telek - \u00c9p\u00edt\u0151iparosok","isPartOf":{"@id":"https:\/\/epitoiparosok.com\/epip\/#website"},"datePublished":"2025-11-29T15:23:59+00:00","dateModified":"2025-12-02T13:10:08+00:00","breadcrumb":{"@id":"https:\/\/epitoiparosok.com\/epip\/altalanos-szerzodesi-feltetelek\/#breadcrumb"},"inLanguage":"en-US","potentialAction":[{"@type":"ReadAction","target":["https:\/\/epitoiparosok.com\/epip\/altalanos-szerzodesi-feltetelek\/"]}]},{"@type":"BreadcrumbList","@id":"https:\/\/epitoiparosok.com\/epip\/altalanos-szerzodesi-feltetelek\/#breadcrumb","itemListElement":[{"@type":"ListItem","position":1,"name":"Home","item":"https:\/\/epitoiparosok.com\/epip\/"},{"@type":"ListItem","position":2,"name":"\u00c1ltal\u00e1nos szerz\u0151d\u00e9si felt\u00e9telek"}]},{"@type":"WebSite","@id":"https:\/\/epitoiparosok.com\/epip\/#website","url":"https:\/\/epitoiparosok.com\/epip\/","name":"\u00c9p\u00edt\u0151iparosok","description":"","potentialAction":[{"@type":"SearchAction","target":{"@type":"EntryPoint","urlTemplate":"https:\/\/epitoiparosok.com\/epip\/?s={search_term_string}"},"query-input":{"@type":"PropertyValueSpecification","valueRequired":true,"valueName":"search_term_string"}}],"inLanguage":"en-US"}]}},"_links":{"self":[{"href":"https:\/\/epitoiparosok.com\/epip\/wp-json\/wp\/v2\/pages\/176","targetHints":{"allow":["GET"]}}],"collection":[{"href":"https:\/\/epitoiparosok.com\/epip\/wp-json\/wp\/v2\/pages"}],"about":[{"href":"https:\/\/epitoiparosok.com\/epip\/wp-json\/wp\/v2\/types\/page"}],"author":[{"embeddable":true,"href":"https:\/\/epitoiparosok.com\/epip\/wp-json\/wp\/v2\/users\/1"}],"replies":[{"embeddable":true,"href":"https:\/\/epitoiparosok.com\/epip\/wp-json\/wp\/v2\/comments?post=176"}],"version-history":[{"count":3,"href":"https:\/\/epitoiparosok.com\/epip\/wp-json\/wp\/v2\/pages\/176\/revisions"}],"predecessor-version":[{"id":183,"href":"https:\/\/epitoiparosok.com\/epip\/wp-json\/wp\/v2\/pages\/176\/revisions\/183"}],"wp:attachment":[{"href":"https:\/\/epitoiparosok.com\/epip\/wp-json\/wp\/v2\/media?parent=176"}],"curies":[{"name":"wp","href":"https:\/\/api.w.org\/{rel}","templated":true}]}}